{"id":10396,"date":"2025-02-25T10:51:03","date_gmt":"2025-02-25T10:51:03","guid":{"rendered":"https:\/\/demo.wpzoom.com\/inspiro-lite-recipe-blocks\/?page_id=10396"},"modified":"2026-08-23T18:09:03","modified_gmt":"2026-08-23T18:09:03","slug":"homepage","status":"publish","type":"page","link":"https:\/\/vatansehitleri.org\/","title":{"rendered":"ANA SAYFA"},"content":{"rendered":"\n<div class=\"wp-block-group alignfull has-global-padding is-layout-constrained wp-container-core-group-is-layout-ec321846 wp-block-group-is-layout-constrained\" style=\"margin-top:0;margin-bottom:0;padding-top:0;padding-right:var(--wp--preset--spacing--x-small);padding-bottom:0;padding-left:var(--wp--preset--spacing--x-small)\">\n<h2 class=\"wp-block-heading has-text-color has-link-color wp-elements-1\" style=\"color:#222222;margin-top:0;margin-bottom:0;font-size:clamp(20px, 1.25rem + ((1vw - 3.2px) * 1.062), 32px);\">VTN .<\/h2>\n\n\n\n<pre class=\"wp-block-preformatted\"><br><br><\/pre>\n\n\n\n<div class=\"wp-block-query is-layout-flow wp-block-query-is-layout-flow\">\n<figure class=\"wp-block-image aligncenter size-full\"><img loading=\"lazy\" decoding=\"async\" width=\"1024\" height=\"208\" src=\"https:\/\/vatansehitleri.org\/wp-content\/uploads\/2026\/04\/image-1.jpeg\" alt=\"\" class=\"wp-image-10957\" srcset=\"https:\/\/vatansehitleri.org\/wp-content\/uploads\/2026\/04\/image-1.jpeg 1024w, https:\/\/vatansehitleri.org\/wp-content\/uploads\/2026\/04\/image-1-300x61.jpeg 300w, https:\/\/vatansehitleri.org\/wp-content\/uploads\/2026\/04\/image-1-750x152.jpeg 750w\" sizes=\"auto, (max-width: 1024px) 100vw, 1024px\" \/><\/figure>\n\n\n\n<figure class=\"wp-block-image aligncenter size-large\"><img loading=\"lazy\" decoding=\"async\" width=\"1024\" height=\"724\" src=\"https:\/\/vatansehitleri.org\/wp-content\/uploads\/2026\/04\/image-5-1024x724.jpeg\" alt=\"\" class=\"wp-image-10962\" srcset=\"https:\/\/vatansehitleri.org\/wp-content\/uploads\/2026\/04\/image-5-1024x724.jpeg 1024w, https:\/\/vatansehitleri.org\/wp-content\/uploads\/2026\/04\/image-5-300x212.jpeg 300w, https:\/\/vatansehitleri.org\/wp-content\/uploads\/2026\/04\/image-5-750x530.jpeg 750w, https:\/\/vatansehitleri.org\/wp-content\/uploads\/2026\/04\/image-5.jpeg 1386w\" sizes=\"auto, (max-width: 1024px) 100vw, 1024px\" \/><\/figure>\n\n\n\n<p class=\"has-text-align-center wp-block-paragraph\"><strong>\u015eehit Aileleri ve Gazilerimizin yan\u0131nda oldu\u011fumuzu Bazen g\u00f6n\u00fcll\u00fc \u00e7al\u0131\u015fmalara kat\u0131larak, bazen bir selam, her hangi bir yard\u0131m,<\/strong><\/p>\n\n\n\n<p class=\"has-text-align-center wp-block-paragraph\"><strong>Bir olmak, birlik olmak g\u00fczel bir duygudur. bir mektup bile d\u00fcnyalara de\u011fer bazen&#8230;<\/strong><\/p>\n\n\n\n<p class=\"has-text-align-center wp-block-paragraph\"><strong>\u00dclke olarak sahip oldu\u011fumuz kal\u0131c\u0131 her ne varsa; \u015eehit ve Gazilerimizin fedakarl\u0131k ve Kahramanl\u0131klar\u0131ndand\u0131r.<\/strong><\/p>\n\n\n\n<p class=\"has-text-align-center wp-block-paragraph\"><strong>Bu nedenle onlar\u0131 ve ailelerini unutmayal\u0131m unutturmayal\u0131m. Rahmet,<\/strong><\/p>\n\n\n\n<p class=\"has-text-align-center wp-block-paragraph\"><strong>Minnet ve Sayg\u0131yla an\u0131yoruz.<\/strong><\/p>\n\n\n\n<figure class=\"wp-block-image aligncenter size-large\"><a href=\"https:\/\/vatansehitleri.org\/index.php\/faaliyetler-5\/\"><img loading=\"lazy\" decoding=\"async\" width=\"1024\" height=\"768\" src=\"https:\/\/vatansehitleri.org\/wp-content\/uploads\/2026\/08\/bu-1-1024x768.jpeg\" alt=\"\" class=\"wp-image-12281\" srcset=\"https:\/\/vatansehitleri.org\/wp-content\/uploads\/2026\/08\/bu-1-1024x768.jpeg 1024w, https:\/\/vatansehitleri.org\/wp-content\/uploads\/2026\/08\/bu-1-768x576.jpeg 768w, https:\/\/vatansehitleri.org\/wp-content\/uploads\/2026\/08\/bu-1-300x225.jpeg 300w, https:\/\/vatansehitleri.org\/wp-content\/uploads\/2026\/08\/bu-1-1536x1152.jpeg 1536w, https:\/\/vatansehitleri.org\/wp-content\/uploads\/2026\/08\/bu-1-749x562.jpeg 749w, https:\/\/vatansehitleri.org\/wp-content\/uploads\/2026\/08\/bu-1-500x375.jpeg 500w, https:\/\/vatansehitleri.org\/wp-content\/uploads\/2026\/08\/bu-1.jpeg 1600w\" sizes=\"auto, (max-width: 1024px) 100vw, 1024px\" \/><\/a><\/figure>\n\n\n\n<p class=\"has-text-align-center wp-block-paragraph\"><strong>\u0130stanbul Valisi Say\u0131n Davut G\u00fcl, Derne\u011fimizi ziyaret etti.<\/strong><\/p>\n\n\n\n<p class=\"has-text-align-center wp-block-paragraph\">Dernek Dernek \u00fcyeleri \u015eehit Aileleri ve gazilerimizle bir araya gelen Say\u0131n G\u00fcl, y\u00fcr\u00fct\u00fclen faaliyetlere ili\u015fkin yetkililerden bilgi ald\u0131.                                                             Bizler i\u00e7in \u00e7ok de\u011ferli olan bu ziyaretinden dolay\u0131 \u0130stanbul Valisi Say\u0131n Davut G\u00fcl&#8217;e sayg\u0131lar\u0131m\u0131z\u0131 arz ederiz. <br>Vatan \u015eehit ve Gazi Aileleri Derne\u011fi <br>Y\u00f6netim Kurulu Ba\u015fkanl\u0131\u011f\u0131 <\/p>\n\n\n\n<figure class=\"wp-block-image aligncenter size-large\"><img loading=\"lazy\" decoding=\"async\" width=\"1024\" height=\"750\" src=\"https:\/\/vatansehitleri.org\/wp-content\/uploads\/2026\/04\/image-4-1024x750.jpeg\" alt=\"\" class=\"wp-image-10961\" srcset=\"https:\/\/vatansehitleri.org\/wp-content\/uploads\/2026\/04\/image-4-1024x750.jpeg 1024w, https:\/\/vatansehitleri.org\/wp-content\/uploads\/2026\/04\/image-4-300x220.jpeg 300w, https:\/\/vatansehitleri.org\/wp-content\/uploads\/2026\/04\/image-4-750x549.jpeg 750w, https:\/\/vatansehitleri.org\/wp-content\/uploads\/2026\/04\/image-4.jpeg 1386w\" sizes=\"auto, (max-width: 1024px) 100vw, 1024px\" \/><\/figure>\n\n\n\n<p class=\"wp-block-paragraph\"><\/p>\n<\/div>\n<\/div>\n\n\n\n<figure class=\"wp-block-image aligncenter size-large\"><img loading=\"lazy\" decoding=\"async\" width=\"1024\" height=\"147\" src=\"https:\/\/vatansehitleri.org\/wp-content\/uploads\/2026\/04\/image-2-1024x147.jpeg\" alt=\"\" class=\"wp-image-10958\" srcset=\"https:\/\/vatansehitleri.org\/wp-content\/uploads\/2026\/04\/image-2-1024x147.jpeg 1024w, https:\/\/vatansehitleri.org\/wp-content\/uploads\/2026\/04\/image-2-300x43.jpeg 300w, https:\/\/vatansehitleri.org\/wp-content\/uploads\/2026\/04\/image-2-750x108.jpeg 750w, https:\/\/vatansehitleri.org\/wp-content\/uploads\/2026\/04\/image-2.jpeg 1385w\" sizes=\"auto, (max-width: 1024px) 100vw, 1024px\" \/><\/figure>\n\n\n\n<figure class=\"wp-block-image aligncenter size-full\"><img loading=\"lazy\" decoding=\"async\" width=\"1024\" height=\"725\" src=\"https:\/\/vatansehitleri.org\/wp-content\/uploads\/2026\/04\/image-9.png\" alt=\"\" class=\"wp-image-11579\" srcset=\"https:\/\/vatansehitleri.org\/wp-content\/uploads\/2026\/04\/image-9.png 1024w, https:\/\/vatansehitleri.org\/wp-content\/uploads\/2026\/04\/image-9-300x212.png 300w, https:\/\/vatansehitleri.org\/wp-content\/uploads\/2026\/04\/image-9-768x544.png 768w, https:\/\/vatansehitleri.org\/wp-content\/uploads\/2026\/04\/image-9-750x531.png 750w\" sizes=\"auto, (max-width: 1024px) 100vw, 1024px\" \/><\/figure>\n\n\n\n<p class=\"wp-block-paragraph\"><\/p>\n\n\n\n<figure class=\"wp-block-embed is-type-wp-embed is-provider-vatan-ehit-ve-gazi-aileleri-derne-i wp-block-embed-vatan-ehit-ve-gazi-aileleri-derne-i\"><div class=\"wp-block-embed__wrapper\">\n<blockquote class=\"wp-embedded-content\" data-secret=\"ZbRI2j2xsC\"><a href=\"https:\/\/vatansehitleri.org\/index.php\/2026\/04\/24\/faaliyetler-5\/\">FAAL\u0130YETLER 5<\/a><\/blockquote><iframe loading=\"lazy\" class=\"wp-embedded-content\" sandbox=\"allow-scripts\" security=\"restricted\" style=\"position: absolute; visibility: hidden;\" title=\"\u201cFAAL\u0130YETLER 5\u201d \u2014 Vatan \u015eehit ve Gazi Aileleri Derne\u011fi  \" src=\"https:\/\/vatansehitleri.org\/index.php\/2026\/04\/24\/faaliyetler-5\/embed\/#?secret=xH44uL5QVZ#?secret=ZbRI2j2xsC\" data-secret=\"ZbRI2j2xsC\" width=\"600\" height=\"338\" frameborder=\"0\" marginwidth=\"0\" marginheight=\"0\" scrolling=\"no\"><\/iframe>\n<\/div><\/figure>\n\n\n\n<figure class=\"wp-block-embed is-type-wp-embed is-provider-vatan-ehit-ve-gazi-aileleri-derne-i wp-block-embed-vatan-ehit-ve-gazi-aileleri-derne-i\"><div class=\"wp-block-embed__wrapper\">\n<blockquote class=\"wp-embedded-content\" data-secret=\"uSXDsIpzD0\"><a href=\"https:\/\/vatansehitleri.org\/index.php\/2026\/04\/24\/faaliyetler-6\/\">FAAL\u0130YETLER &#8211; 6<\/a><\/blockquote><iframe loading=\"lazy\" class=\"wp-embedded-content\" sandbox=\"allow-scripts\" security=\"restricted\" style=\"position: absolute; visibility: hidden;\" title=\"\u201cFAAL\u0130YETLER \u2013 6\u201d \u2014 Vatan \u015eehit ve Gazi Aileleri Derne\u011fi  \" src=\"https:\/\/vatansehitleri.org\/index.php\/2026\/04\/24\/faaliyetler-6\/embed\/#?secret=J2ulQCmkRD#?secret=uSXDsIpzD0\" data-secret=\"uSXDsIpzD0\" width=\"600\" height=\"338\" frameborder=\"0\" marginwidth=\"0\" marginheight=\"0\" scrolling=\"no\"><\/iframe>\n<\/div><\/figure>\n\n\n\n<figure class=\"wp-block-embed is-type-wp-embed is-provider-vatan-ehit-ve-gazi-aileleri-derne-i wp-block-embed-vatan-ehit-ve-gazi-aileleri-derne-i\"><div class=\"wp-block-embed__wrapper\">\n<blockquote class=\"wp-embedded-content\" data-secret=\"dOLUT0G7se\"><a href=\"https:\/\/vatansehitleri.org\/index.php\/duyurular\/\">DUYURULAR<\/a><\/blockquote><iframe loading=\"lazy\" class=\"wp-embedded-content\" sandbox=\"allow-scripts\" security=\"restricted\" style=\"position: absolute; visibility: hidden;\" title=\"\u201cDUYURULAR\u201d \u2014 Vatan \u015eehit ve Gazi Aileleri Derne\u011fi  \" src=\"https:\/\/vatansehitleri.org\/index.php\/duyurular\/embed\/#?secret=31sgyGG2k2#?secret=dOLUT0G7se\" data-secret=\"dOLUT0G7se\" width=\"600\" height=\"338\" frameborder=\"0\" marginwidth=\"0\" marginheight=\"0\" scrolling=\"no\"><\/iframe>\n<\/div><\/figure>\n\n\n\n<figure class=\"wp-block-embed is-type-wp-embed is-provider-vatan-ehit-ve-gazi-aileleri-derne-i wp-block-embed-vatan-ehit-ve-gazi-aileleri-derne-i\"><div class=\"wp-block-embed__wrapper\">\n<blockquote class=\"wp-embedded-content\" data-secret=\"hUhkrI9fJP\"><a href=\"https:\/\/vatansehitleri.org\/index.php\/dilekce-ornekleri\/\">D\u0130LEK\u00c7E \u00d6RNEKLER\u0130<\/a><\/blockquote><iframe loading=\"lazy\" class=\"wp-embedded-content\" sandbox=\"allow-scripts\" security=\"restricted\" style=\"position: absolute; visibility: hidden;\" title=\"\u201cD\u0130LEK\u00c7E \u00d6RNEKLER\u0130\u201d \u2014 Vatan \u015eehit ve Gazi Aileleri Derne\u011fi  \" src=\"https:\/\/vatansehitleri.org\/index.php\/dilekce-ornekleri\/embed\/#?secret=HZLoMbjrZY#?secret=hUhkrI9fJP\" data-secret=\"hUhkrI9fJP\" width=\"600\" height=\"338\" frameborder=\"0\" marginwidth=\"0\" marginheight=\"0\" scrolling=\"no\"><\/iframe>\n<\/div><\/figure>\n\n\n\n<figure class=\"wp-block-embed is-type-wp-embed is-provider-vatan-ehit-ve-gazi-aileleri-derne-i wp-block-embed-vatan-ehit-ve-gazi-aileleri-derne-i\"><div class=\"wp-block-embed__wrapper\">\n<blockquote class=\"wp-embedded-content\" data-secret=\"ISs1jATr8l\"><a href=\"https:\/\/vatansehitleri.org\/index.php\/faaliyetler\/\">FAAL\u0130YETLER 1<\/a><\/blockquote><iframe loading=\"lazy\" class=\"wp-embedded-content\" sandbox=\"allow-scripts\" security=\"restricted\" style=\"position: absolute; visibility: hidden;\" title=\"\u201cFAAL\u0130YETLER 1\u201d \u2014 Vatan \u015eehit ve Gazi Aileleri Derne\u011fi  \" src=\"https:\/\/vatansehitleri.org\/index.php\/faaliyetler\/embed\/#?secret=KSYCTw6l3j#?secret=ISs1jATr8l\" data-secret=\"ISs1jATr8l\" width=\"600\" height=\"338\" frameborder=\"0\" marginwidth=\"0\" marginheight=\"0\" scrolling=\"no\"><\/iframe>\n<\/div><\/figure>\n\n\n\n<figure class=\"wp-block-embed is-type-wp-embed is-provider-vatan-ehit-ve-gazi-aileleri-derne-i wp-block-embed-vatan-ehit-ve-gazi-aileleri-derne-i\"><div class=\"wp-block-embed__wrapper\">\n<blockquote class=\"wp-embedded-content\" data-secret=\"RijldX8of1\"><a href=\"https:\/\/vatansehitleri.org\/index.php\/faaliyetler-2\/\">FAAL\u0130YETLER &#8211; 2<\/a><\/blockquote><iframe loading=\"lazy\" class=\"wp-embedded-content\" sandbox=\"allow-scripts\" security=\"restricted\" style=\"position: absolute; visibility: hidden;\" title=\"\u201cFAAL\u0130YETLER \u2013 2\u201d \u2014 Vatan \u015eehit ve Gazi Aileleri Derne\u011fi  \" src=\"https:\/\/vatansehitleri.org\/index.php\/faaliyetler-2\/embed\/#?secret=6nNLoxEoB9#?secret=RijldX8of1\" data-secret=\"RijldX8of1\" width=\"600\" height=\"338\" frameborder=\"0\" marginwidth=\"0\" marginheight=\"0\" scrolling=\"no\"><\/iframe>\n<\/div><\/figure>\n\n\n\n<figure class=\"wp-block-embed is-type-wp-embed is-provider-vatan-ehit-ve-gazi-aileleri-derne-i wp-block-embed-vatan-ehit-ve-gazi-aileleri-derne-i\"><div class=\"wp-block-embed__wrapper\">\n<blockquote class=\"wp-embedded-content\" data-secret=\"eEPyIs8BxG\"><a href=\"https:\/\/vatansehitleri.org\/index.php\/faaliyetler-3\/\">FAAL\u0130YETLER 3<\/a><\/blockquote><iframe loading=\"lazy\" class=\"wp-embedded-content\" sandbox=\"allow-scripts\" security=\"restricted\" style=\"position: absolute; visibility: hidden;\" title=\"\u201cFAAL\u0130YETLER 3\u201d \u2014 Vatan \u015eehit ve Gazi Aileleri Derne\u011fi  \" src=\"https:\/\/vatansehitleri.org\/index.php\/faaliyetler-3\/embed\/#?secret=wV67aLCHTC#?secret=eEPyIs8BxG\" data-secret=\"eEPyIs8BxG\" width=\"600\" height=\"338\" frameborder=\"0\" marginwidth=\"0\" marginheight=\"0\" scrolling=\"no\"><\/iframe>\n<\/div><\/figure>\n\n\n\n<figure class=\"wp-block-embed is-type-wp-embed is-provider-vatan-ehit-ve-gazi-aileleri-derne-i wp-block-embed-vatan-ehit-ve-gazi-aileleri-derne-i\"><div class=\"wp-block-embed__wrapper\">\n<blockquote class=\"wp-embedded-content\" data-secret=\"1CznzxjQLl\"><a href=\"https:\/\/vatansehitleri.org\/index.php\/faaliyetler-4\/\">FAAL\u0130YETLER 4<\/a><\/blockquote><iframe loading=\"lazy\" class=\"wp-embedded-content\" sandbox=\"allow-scripts\" security=\"restricted\" style=\"position: absolute; visibility: hidden;\" title=\"\u201cFAAL\u0130YETLER 4\u201d \u2014 Vatan \u015eehit ve Gazi Aileleri Derne\u011fi  \" src=\"https:\/\/vatansehitleri.org\/index.php\/faaliyetler-4\/embed\/#?secret=CxSuxPtUlN#?secret=1CznzxjQLl\" data-secret=\"1CznzxjQLl\" width=\"600\" height=\"338\" frameborder=\"0\" marginwidth=\"0\" marginheight=\"0\" scrolling=\"no\"><\/iframe>\n<\/div><\/figure>\n\n\n\n<figure class=\"wp-block-embed is-type-wp-embed is-provider-vatan-ehit-ve-gazi-aileleri-derne-i wp-block-embed-vatan-ehit-ve-gazi-aileleri-derne-i\"><div class=\"wp-block-embed__wrapper\">\n<blockquote class=\"wp-embedded-content\" data-secret=\"WJKVDCHiHM\"><a href=\"https:\/\/vatansehitleri.org\/index.php\/etkinlikler\/\">FOTO\u011eRAFLAR<\/a><\/blockquote><iframe loading=\"lazy\" class=\"wp-embedded-content\" sandbox=\"allow-scripts\" security=\"restricted\" style=\"position: absolute; visibility: hidden;\" title=\"\u201cFOTO\u011eRAFLAR\u201d \u2014 Vatan \u015eehit ve Gazi Aileleri Derne\u011fi  \" src=\"https:\/\/vatansehitleri.org\/index.php\/etkinlikler\/embed\/#?secret=cX6XnV3rAG#?secret=WJKVDCHiHM\" data-secret=\"WJKVDCHiHM\" width=\"600\" height=\"338\" frameborder=\"0\" marginwidth=\"0\" marginheight=\"0\" scrolling=\"no\"><\/iframe>\n<\/div><\/figure>\n\n\n\n<figure class=\"wp-block-embed is-type-wp-embed is-provider-vatan-ehit-ve-gazi-aileleri-derne-i wp-block-embed-vatan-ehit-ve-gazi-aileleri-derne-i\"><div class=\"wp-block-embed__wrapper\">\n<blockquote class=\"wp-embedded-content\" data-secret=\"qQoFM8rqK3\"><a href=\"https:\/\/vatansehitleri.org\/index.php\/contact\/\">\u0130LET\u0130\u015e\u0130M<\/a><\/blockquote><iframe loading=\"lazy\" class=\"wp-embedded-content\" sandbox=\"allow-scripts\" security=\"restricted\" style=\"position: absolute; visibility: hidden;\" title=\"\u201c\u0130LET\u0130\u015e\u0130M\u201d \u2014 Vatan \u015eehit ve Gazi Aileleri Derne\u011fi  \" src=\"https:\/\/vatansehitleri.org\/index.php\/contact\/embed\/#?secret=gW4WFiS7jr#?secret=qQoFM8rqK3\" data-secret=\"qQoFM8rqK3\" width=\"600\" height=\"338\" frameborder=\"0\" marginwidth=\"0\" marginheight=\"0\" scrolling=\"no\"><\/iframe>\n<\/div><\/figure>\n","protected":false},"excerpt":{"rendered":"<p>VTN .<\/p>\n","protected":false},"author":1,"featured_media":0,"parent":0,"menu_order":0,"comment_status":"closed","ping_status":"closed","template":"page-templates\/full-width-no-title.php","meta":{"footnotes":""},"class_list":["post-10396","page","type-page","status-publish","hentry"],"_links":{"self":[{"href":"https:\/\/vatansehitleri.org\/index.php\/wp-json\/wp\/v2\/pages\/10396","targetHints":{"allow":["GET"]}}],"collection":[{"href":"https:\/\/vatansehitleri.org\/index.php\/wp-json\/wp\/v2\/pages"}],"about":[{"href":"https:\/\/vatansehitleri.org\/index.php\/wp-json\/wp\/v2\/types\/page"}],"author":[{"embeddable":true,"href":"https:\/\/vatansehitleri.org\/index.php\/wp-json\/wp\/v2\/users\/1"}],"replies":[{"embeddable":true,"href":"https:\/\/vatansehitleri.org\/index.php\/wp-json\/wp\/v2\/comments?post=10396"}],"version-history":[{"count":22,"href":"https:\/\/vatansehitleri.org\/index.php\/wp-json\/wp\/v2\/pages\/10396\/revisions"}],"predecessor-version":[{"id":12289,"href":"https:\/\/vatansehitleri.org\/index.php\/wp-json\/wp\/v2\/pages\/10396\/revisions\/12289"}],"wp:attachment":[{"href":"https:\/\/vatansehitleri.org\/index.php\/wp-json\/wp\/v2\/media?parent=10396"}],"curies":[{"name":"wp","href":"https:\/\/api.w.org\/{rel}","templated":true}]}}